{"id":5856,"date":"2011-08-02T20:59:08","date_gmt":"2011-08-02T19:59:08","guid":{"rendered":"http:\/\/kravallslojd.se\/wordpress\/wp-content\/uploads\/2011\/08\/capellakatalog.jpg"},"modified":"2011-08-02T20:59:08","modified_gmt":"2011-08-02T19:59:08","slug":"capellakatalog","status":"inherit","type":"attachment","link":"https:\/\/kravallslojd.se\/wordpress\/?attachment_id=5856","title":{"rendered":"capellakatalog"},"author":169,"comment_status":"open","ping_status":"open","template":"","meta":[],"description":{"rendered":"<p class=\"attachment\"><a href=\"https:\/\/kravallslojd.se\/wordpress\/wp-content\/uploads\/2011\/08\/capellakatalog.jpg\" ><img width=\"249\" height=\"300\" src=\"https:\/\/kravallslojd.se\/wordpress\/wp-content\/uploads\/2011\/08\/capellakatalog-249x300.jpg\" class=\"attachment-medium size-medium\" alt=\"\" decoding=\"async\" loading=\"lazy\" srcset=\"https:\/\/kravallslojd.se\/wordpress\/wp-content\/uploads\/2011\/08\/capellakatalog-249x300.jpg 249w, https:\/\/kravallslojd.se\/wordpress\/wp-content\/uploads\/2011\/08\/capellakatalog-851x1024.jpg 851w, https:\/\/kravallslojd.se\/wordpress\/wp-content\/uploads\/2011\/08\/capellakatalog.jpg 1621w\" sizes=\"(max-width: 249px) 100vw, 249px\" \/><\/a><\/p>\n<p>Sista semesterveckan \u00e5kte jag en regning dag till Kalmar och bes\u00f6kte slottet. Andra- och tredje- \u00e5rs studenterna fr\u00e5n Capellag\u00e5rden st\u00e4ller ut sina arbeten d\u00e4r. Blir fantastiskt imponerad och stolt. Dels f\u00f6r att jag sj\u00e4lv gick d\u00e4r f\u00f6r 10 \u00e5r sedan och dels f\u00f6r att n\u00e5gra har varit mina elever p\u00e5 folkh\u00f6gskolan i Blekinge. <\/p>\n"},"caption":{"rendered":"<p>Kalmar slott<\/p>\n"},"alt_text":"","media_type":"image","mime_type":"image\/jpeg","media_details":{"width":"1621","height":"1949","hwstring_small":"height='96' width='79'","file":"2011\/08\/capellakatalog.jpg","sizes":{"thumbnail":{"file":"capellakatalog-150x150.jpg","width":"150","height":"150","source_url":"https:\/\/kravallslojd.se\/wordpress\/wp-content\/uploads\/2011\/08\/capellakatalog-150x150.jpg"},"medium":{"file":"capellakatalog-249x300.jpg","width":"249","height":"300","source_url":"https:\/\/kravallslojd.se\/wordpress\/wp-content\/uploads\/2011\/08\/capellakatalog-249x300.jpg"},"large":{"file":"capellakatalog-851x1024.jpg","width":"851","height":"1024","source_url":"https:\/\/kravallslojd.se\/wordpress\/wp-content\/uploads\/2011\/08\/capellakatalog-851x1024.jpg"},"full":{"file":"capellakatalog.jpg","width":1621,"height":1949,"mime_type":"image\/jpeg","source_url":"https:\/\/kravallslojd.se\/wordpress\/wp-content\/uploads\/2011\/08\/capellakatalog.jpg"}},"image_meta":{"aperture":"0","credit":"","camera":"","caption":"","created_timestamp":"0","copyright":"","focal_length":"0","iso":"0","shutter_speed":"0","title":""}},"post":5826,"source_url":"https:\/\/kravallslojd.se\/wordpress\/wp-content\/uploads\/2011\/08\/capellakatalog.jpg","_links":{"self":[{"href":"https:\/\/kravallslojd.se\/wordpress\/index.php?rest_route=\/wp\/v2\/media\/5856"}],"collection":[{"href":"https:\/\/kravallslojd.se\/wordpress\/index.php?rest_route=\/wp\/v2\/media"}],"about":[{"href":"https:\/\/kravallslojd.se\/wordpress\/index.php?rest_route=\/wp\/v2\/types\/attachment"}],"author":[{"embeddable":true,"href":"https:\/\/kravallslojd.se\/wordpress\/index.php?rest_route=\/wp\/v2\/users\/169"}],"replies":[{"embeddable":true,"href":"https:\/\/kravallslojd.se\/wordpress\/index.php?rest_route=%2Fwp%2Fv2%2Fcomments&post=5856"}]}}